{"id":1,"date":"2019-05-10T09:37:28","date_gmt":"2019-05-10T09:37:28","guid":{"rendered":"http:\/\/www.aiarthistorylab.com\/?page_id=1"},"modified":"2025-07-21T18:02:49","modified_gmt":"2025-07-21T15:02:49","slug":"home","status":"publish","type":"page","link":"https:\/\/www.ststurkey.net\/","title":{"rendered":"Ana Sayfa"},"content":{"rendered":"<h1>\n<h2 style=\"text-align: center; color: white;\">STS T\u00dcRK\u0130YE<br \/>B\u0130l\u0130m ve Teknoloj\u0130 \u00c7al\u0131\u015fmalar\u0131 T\u00fcrk\u0130ye Ara\u015ft\u0131rma A\u011f\u0131<\/p>\n<\/h2>\n<\/h1>\n<div>\n<p style=\"text-align: center; color: white;\"><span>T\u00fcrkiye\u2019de bilim, teknoloji ve t\u0131p alan\u0131nda \u00e7al\u0131\u015fmalar yapan ara\u015ft\u0131rmac\u0131lar\u0131 bir platformda birle\u015ftirmek amac\u0131yla 2017&#8217;de kurulmu\u015ftur.<\/span><\/p>\n<\/div>\n<h1>\n<h1 style=\"text-align: center;\">M\u0130syon<\/h1>\n<\/h1>\n<div>\n<p>Bilim ve Teknoloji \u00c7al\u0131\u015fmalar\u0131 T\u00fcrkiye Ara\u015ft\u0131rma A\u011f\u0131\u2019n\u0131 (STS T\u00dcRK\u0130YE) temsil eden platformdur.<\/p>\n<p>D\u00fcnyada \u201cScience and Technology Studies\u201d ve\/veya \u201cScience Technology Society\u201d gibi ifadelerle bilinen disiplinleraras\u0131 alan T\u00fcrk\u00e7e\u2019de kimi zaman \u201cBilim ve Teknoloji \u00c7al\u0131\u015fmalar\u0131\u201d veya \u201cBilim Teknoloji Toplum\u201d gibi ifadelerle an\u0131lmaktad\u0131r.<\/p>\n<p>STS T\u00dcRK\u0130YE, 2017\u2019de \u00fclkemizde bilim, teknoloji ve t\u0131p alanlar\u0131nda sosyal ve be\u015feri \u00e7al\u0131\u015fmalar yapan ara\u015ft\u0131rmac\u0131lar\u0131 bir araya getirmek amac\u0131yla T\u00fcrkiye\u2019de kurulmu\u015ftur.<\/p>\n<\/p>\n<p><strong>STS T\u00dcRK\u0130YE\u2019nin hedefleri\u00a0<\/strong><\/p>\n<\/p>\n<ul>\n<li>T\u00fcrkiye\u2019de bu alanda \u00e7al\u0131\u015fan ara\u015ft\u0131rmac\u0131lar aras\u0131ndaki etkile\u015fimi artt\u0131rmak, ulusal ve uluslararas\u0131 i\u015fbirliklerini te\u015fvik etmek, bu ama\u00e7la disiplinler aras\u0131 ve \u00e7ok y\u00f6ntemli bir STS yakla\u015f\u0131m\u0131n\u0131 savunmak;<\/li>\n<li>T\u00fcrkiye\u2019de konferanslar d\u00fczenleyerek, etkinlik ve yay\u0131n faaliyetlerini destekleyerek STS yakla\u015f\u0131m\u0131n\u0131n yayg\u0131nl\u0131\u011f\u0131n\u0131 ve g\u00f6r\u00fcn\u00fcrl\u00fc\u011f\u00fcn\u00fc artt\u0131rmak;<\/li>\n<li>T\u00fcm seviyelerde STS e\u011fitimini iyile\u015ftirmek ve te\u015fvik etmek, ara\u015ft\u0131rmac\u0131lar\u0131n ve doktora \u00f6\u011frencilerinin STS ile ilgili becerilerini teorik ve ara\u015ft\u0131rma formasyonlar\u0131 sa\u011flayarak desteklemektir.<\/li>\n<\/ul>\n<p>STS T\u00dcRK\u0130YE\u2019nin etkinlikleri aras\u0131nda yerel STS faaliyetlerinin farkl\u0131 taraflarla birlikte organizasyonlar\u0131 ve d\u00fczenli STS T\u00dcRK\u0130YE toplant\u0131lar\u0131 yer almaktad\u0131r. STS T\u00dcRK\u0130YE, ulusal ve uluslararas\u0131 d\u00fczeylerde T\u00fcrkiye\u2019deki STS ara\u015ft\u0131rmac\u0131lar\u0131n\u0131 temsil eder. Bilim insanlar\u0131 ve toplum aras\u0131nda al\u0131\u015fveri\u015fi te\u015fvik ederek bilim ve teknolojinin hi\u00e7 durmadan artan toplumsal \u00f6nemini tart\u0131\u015fmay\u0131 a\u00e7may\u0131 ama\u00e7lar. STS T\u00dcRK\u0130YE a\u011f\u0131 \u00fcyeli\u011fi, bilim, teknoloji ve t\u0131p alan\u0131ndaki d\u00f6n\u00fc\u015f\u00fcmlerin toplumsal ba\u011flam\u0131yla ilgilenen herkese a\u00e7\u0131kt\u0131r.<\/p>\n<\/div>\n<p><!--more--><br \/>\n<!-- {\"type\":\"layout\",\"children\":[{\"type\":\"section\",\"props\":{\"animation\":\"slide-bottom\",\"animation_delay\":\"200\",\"image\":\"http:\\\/\\\/www.ststurkey.net\\\/wp-content\\\/uploads\\\/2025\\\/07\\\/STSC-scaled.png\",\"image_position\":\"center-center\",\"padding_remove_bottom\":true,\"padding_remove_top\":true,\"style\":\"default\",\"title_breakpoint\":\"xl\",\"title_position\":\"top-left\",\"title_rotation\":\"left\",\"vertical_align\":\"middle\",\"width\":\"expand\"},\"children\":[{\"type\":\"row\",\"children\":[{\"type\":\"column\",\"props\":{\"image_position\":\"center-center\",\"position_sticky_breakpoint\":\"m\"},\"children\":[{\"type\":\"headline\",\"props\":{\"content\":\"\n\n<h2 style=\\\"text-align: center; color: white;\\\">STS T\\u00dcRK\\u0130YE<br \\\/>B\\u0130l\\u0130m ve Teknoloj\\u0130 \\u00c7al\\u0131\\u015fmalar\\u0131 T\\u00fcrk\\u0130ye Ara\\u015ft\\u0131rma A\\u011f\\u0131<br \\\/><br \\\/><\\\/h2>\",\"margin\":\"small\",\"margin_remove_bottom\":true,\"margin_remove_top\":true,\"title_element\":\"h1\",\"title_font_family\":\"primary\"}},{\"type\":\"text\",\"props\":{\"column_breakpoint\":\"m\",\"content\":\"\n\n<p style=\\\"text-align: center; color: white;\\\"><span>T\\u00fcrkiye\\u2019de bilim, teknoloji ve t\\u0131p alan\\u0131nda \\u00e7al\\u0131\\u015fmalar yapan ara\\u015ft\\u0131rmac\\u0131lar\\u0131 bir platformda birle\\u015ftirmek amac\\u0131yla 2017'de kurulmu\\u015ftur.<\\\/span><\\\/p>\",\"margin\":\"default\"}}]}]}]},{\"type\":\"section\",\"props\":{\"image_position\":\"center-center\",\"style\":\"default\",\"title_breakpoint\":\"xl\",\"title_position\":\"top-left\",\"title_rotation\":\"left\",\"vertical_align\":\"middle\",\"width\":\"default\"},\"children\":[{\"type\":\"row\",\"children\":[{\"type\":\"column\",\"props\":{\"image_position\":\"center-center\",\"position_sticky_breakpoint\":\"m\"},\"children\":[{\"type\":\"headline\",\"props\":{\"content\":\"\n\n<h1 style=\\\"text-align: center;\\\">M\\u0130syon<\\\/h1>\",\"title_element\":\"h1\"}},{\"type\":\"text\",\"props\":{\"column_breakpoint\":\"m\",\"content\":\"\n\n<p>Bilim ve Teknoloji \\u00c7al\\u0131\\u015fmalar\\u0131 T\\u00fcrkiye Ara\\u015ft\\u0131rma A\\u011f\\u0131\\u2019n\\u0131 (STS T\\u00dcRK\\u0130YE) temsil eden platformdur.<\\\/p>\\n\n\n<p>D\\u00fcnyada \\u201cScience and Technology Studies\\u201d ve\\\/veya \\u201cScience Technology Society\\u201d gibi ifadelerle bilinen disiplinleraras\\u0131 alan T\\u00fcrk\\u00e7e\\u2019de kimi zaman \\u201cBilim ve Teknoloji \\u00c7al\\u0131\\u015fmalar\\u0131\\u201d veya \\u201cBilim Teknoloji Toplum\\u201d gibi ifadelerle an\\u0131lmaktad\\u0131r.<\\\/p>\\n\n\n<p>STS T\\u00dcRK\\u0130YE, 2017\\u2019de \\u00fclkemizde bilim, teknoloji ve t\\u0131p alanlar\\u0131nda sosyal ve be\\u015feri \\u00e7al\\u0131\\u015fmalar yapan ara\\u015ft\\u0131rmac\\u0131lar\\u0131 bir araya getirmek amac\\u0131yla T\\u00fcrkiye\\u2019de kurulmu\\u015ftur.<\\\/p>\\n\n\n<p><\\\/p>\\n\n\n<p><strong>STS T\\u00dcRK\\u0130YE\\u2019nin hedefleri\\u00a0<\\\/strong><\\\/p>\\n\n\n<p><\\\/p>\\n\n\n<ul>\\n\n\n<li>T\\u00fcrkiye\\u2019de bu alanda \\u00e7al\\u0131\\u015fan ara\\u015ft\\u0131rmac\\u0131lar aras\\u0131ndaki etkile\\u015fimi artt\\u0131rmak, ulusal ve uluslararas\\u0131 i\\u015fbirliklerini te\\u015fvik etmek, bu ama\\u00e7la disiplinler aras\\u0131 ve \\u00e7ok y\\u00f6ntemli bir STS yakla\\u015f\\u0131m\\u0131n\\u0131 savunmak;<\\\/li>\\n\n\n<li>T\\u00fcrkiye\\u2019de konferanslar d\\u00fczenleyerek, etkinlik ve yay\\u0131n faaliyetlerini destekleyerek STS yakla\\u015f\\u0131m\\u0131n\\u0131n yayg\\u0131nl\\u0131\\u011f\\u0131n\\u0131 ve g\\u00f6r\\u00fcn\\u00fcrl\\u00fc\\u011f\\u00fcn\\u00fc artt\\u0131rmak;<\\\/li>\\n\n\n<li>T\\u00fcm seviyelerde STS e\\u011fitimini iyile\\u015ftirmek ve te\\u015fvik etmek, ara\\u015ft\\u0131rmac\\u0131lar\\u0131n ve doktora \\u00f6\\u011frencilerinin STS ile ilgili becerilerini teorik ve ara\\u015ft\\u0131rma formasyonlar\\u0131 sa\\u011flayarak desteklemektir.<\\\/li>\\n<\\\/ul>\\n\n\n<p>STS T\\u00dcRK\\u0130YE\\u2019nin etkinlikleri aras\\u0131nda yerel STS faaliyetlerinin farkl\\u0131 taraflarla birlikte organizasyonlar\\u0131 ve d\\u00fczenli STS T\\u00dcRK\\u0130YE toplant\\u0131lar\\u0131 yer almaktad\\u0131r. STS T\\u00dcRK\\u0130YE, ulusal ve uluslararas\\u0131 d\\u00fczeylerde T\\u00fcrkiye\\u2019deki STS ara\\u015ft\\u0131rmac\\u0131lar\\u0131n\\u0131 temsil eder. Bilim insanlar\\u0131 ve toplum aras\\u0131nda al\\u0131\\u015fveri\\u015fi te\\u015fvik ederek bilim ve teknolojinin hi\\u00e7 durmadan artan toplumsal \\u00f6nemini tart\\u0131\\u015fmay\\u0131 a\\u00e7may\\u0131 ama\\u00e7lar. STS T\\u00dcRK\\u0130YE a\\u011f\\u0131 \\u00fcyeli\\u011fi, bilim, teknoloji ve t\\u0131p alan\\u0131ndaki d\\u00f6n\\u00fc\\u015f\\u00fcmlerin toplumsal ba\\u011flam\\u0131yla ilgilenen herkese a\\u00e7\\u0131kt\\u0131r.<\\\/p>\",\"margin\":\"default\"}}]}]}]}],\"version\":\"4.5.21\"} --><\/p>\n","protected":false},"excerpt":{"rendered":"<p>STS T\u00dcRK\u0130YEB\u0130l\u0130m ve Teknoloj\u0130 \u00c7al\u0131\u015fmalar\u0131 T\u00fcrk\u0130ye Ara\u015ft\u0131rma A\u011f\u0131 T\u00fcrkiye\u2019de bilim, teknoloji ve t\u0131p alan\u0131nda \u00e7al\u0131\u015fmalar yapan ara\u015ft\u0131rmac\u0131lar\u0131 bir platformda birle\u015ftirmek amac\u0131yla 2017&#8217;de kurulmu\u015ftur. M\u0130syon Bilim ve Teknoloji \u00c7al\u0131\u015fmalar\u0131 T\u00fcrkiye Ara\u015ft\u0131rma A\u011f\u0131\u2019n\u0131 (STS T\u00dcRK\u0130YE) temsil eden platformdur. D\u00fcnyada \u201cScience and Technology Studies\u201d ve\/veya \u201cScience Technology Society\u201d gibi ifadelerle bilinen disiplinleraras\u0131 alan T\u00fcrk\u00e7e\u2019de kimi zaman \u201cBilim ve [&hellip;]<\/p>\n","protected":false},"author":1,"featured_media":0,"parent":0,"menu_order":6,"comment_status":"closed","ping_status":"closed","template":"","meta":{"_acf_changed":false,"footnotes":""},"class_list":["post-1","page","type-page","status-publish","hentry"],"acf":[],"_links":{"self":[{"href":"https:\/\/www.ststurkey.net\/index.php?rest_route=\/wp\/v2\/pages\/1","targetHints":{"allow":["GET"]}}],"collection":[{"href":"https:\/\/www.ststurkey.net\/index.php?rest_route=\/wp\/v2\/pages"}],"about":[{"href":"https:\/\/www.ststurkey.net\/index.php?rest_route=\/wp\/v2\/types\/page"}],"author":[{"embeddable":true,"href":"https:\/\/www.ststurkey.net\/index.php?rest_route=\/wp\/v2\/users\/1"}],"replies":[{"embeddable":true,"href":"https:\/\/www.ststurkey.net\/index.php?rest_route=%2Fwp%2Fv2%2Fcomments&post=1"}],"version-history":[{"count":67,"href":"https:\/\/www.ststurkey.net\/index.php?rest_route=\/wp\/v2\/pages\/1\/revisions"}],"predecessor-version":[{"id":2649,"href":"https:\/\/www.ststurkey.net\/index.php?rest_route=\/wp\/v2\/pages\/1\/revisions\/2649"}],"wp:attachment":[{"href":"https:\/\/www.ststurkey.net\/index.php?rest_route=%2Fwp%2Fv2%2Fmedia&parent=1"}],"curies":[{"name":"wp","href":"https:\/\/api.w.org\/{rel}","templated":true}]}}